{"id":31471,"date":"2018-04-10T20:31:15","date_gmt":"2018-04-10T20:31:15","guid":{"rendered":"https:\/\/monatglobal.com\/ca\/?page_id=31471"},"modified":"2025-02-24T15:45:10","modified_gmt":"2025-02-24T20:45:10","slug":"meet-the-team","status":"publish","type":"page","link":"https:\/\/monatglobal.com\/ca\/meet-the-team\/?lang=fr","title":{"rendered":"RENCONTREZ L\u2019\u00c9QUIPE"},"content":{"rendered":"\n\n\t<style>\n    .grid {\n        display: grid;\n        gap: 2.5em 1.5em;\n    }\n    .col-3 {\n        grid-template-columns: repeat(3, 1fr);\n    }\n    @media screen and (max-width: 1050px) {\n        .med-col-2 {\n            grid-template-columns: repeat(2, 1fr);\n        }\n    }\n    @media screen and (max-width: 750px) {\n        .peq-col-1 {\n            grid-template-columns: repeat(1, 1fr);\n        }\n    }\n<\/style>\n    <h1>Rencontrez l&#8217;\u00e9quipe<\/h1>\n        <!--        Luis Urdaneta        -->\n            \n                <img decoding=\"async\" src=\"https:\/\/monatglobal.com\/wp-content\/uploads\/2023\/09\/Sr.-Luis_2023-min.jpg\" alt=\"Luis Urdaneta CHAIRMAN AND CO-FOUNDER\"  loading=\"lazy\"\/>\n            \n                    <h2>\n                        Luis<br \/>\n                        Urdaneta\n                    <\/h2>\n                    <p>PR\u00c9SIDENT DU CONSEIL ET&nbsp;COFONDATEUR<\/p>\n                    <hr \/>\n                    \n                        Entrepreneur en vente directe de premi\u00e8re g\u00e9n\u00e9ration, Se\u00f1or Luis s&#8217;engage \u00e0 inspirer de nouvelles g\u00e9n\u00e9rations&nbsp;d&#8217;entrepreneurs.\n                    \n                    \n                        Partager son exp\u00e9rience et transmettre sa sagesse afin d&#8217;am\u00e9liorer la vie des autres est l&#8217;\u0153uvre de sa&nbsp;vie.<br \/>\n                        <br \/>\n                        Apr\u00e8s avoir lanc\u00e9 une entreprise de vente directe prosp\u00e8re en Am\u00e9rique latine, se\u00f1or Luis et son fils, Ray Urdaneta , ont fond\u00e9 ALCORA GROUP, qui m\u00e8nerait \u00e0&nbsp;MONAT.\n                    \n        <!--        Rayner Urdaneta        -->\n            \n                <img decoding=\"async\" src=\"https:\/\/monatglobal.com\/wp-content\/uploads\/2023\/09\/Rayner-Urdaneta_2023-min.jpg\" alt=\"Rayner Urdaneta CHIEF EXECUTIVE OFFICER AND CO-FOUNDER\" loading=\"lazy\"\/>\n            \n                    <h2>\n                        Rayner<br \/>\n                        Urdaneta\n                    <\/h2>\n                    \n                        PR\u00c9SIDENT-DIRECTEUR G\u00c9N\u00c9RAL ET&nbsp;COFONDATEUR\n                    \n                    <hr \/>\n                    \n                        Entrepreneur en vente directe de deuxi\u00e8me g\u00e9n\u00e9ration, Ray a suivi l&#8217;exemple de ses parents en combinant de fortes valeurs familiales et la ferme conviction que n&#8217;importe qui peut r\u00e9aliser ses r\u00eaves avec du travail acharn\u00e9 et de la&nbsp;d\u00e9termination.\n                    \n                    \n                        Titulaire d&#8217;un d\u00eeplome en affaires internationales, Ray est cofondateur d&#8217;ALCORA GROUP et guide le succ\u00e8s de MONAT en tant que&nbsp;PDG.\n                    \n        <!--        Lu Urdaneta     -->\n            \n                <img decoding=\"async\" src=\"https:\/\/monatglobal.com\/wp-content\/uploads\/2023\/09\/Luisaylen-Urdaneta_2023-min.jpg\" alt=\"Lu Urdaneta CHIEF CULTURE OFFICER\" loading=\"lazy\"\/>\n            \n                    <h2>\n                        Lu<br \/>\n                        Urdaneta\n                    <\/h2>\n                    <p>AGENTE CULTURELLE EN&nbsp;CHEF<\/p>\n                    <hr \/>\n                    \n                        Lu a litt\u00e9ralement grandi dans la vente directe et met ses comp\u00e9tences cr\u00e9atives \u00e0 profit en d\u00e9veloppant le concept de la marque MONAT, les produits et la voix de la&nbsp;marque.\n                    \n                    \n                        Pr\u00e9sentement, elle se concentre principalement sur le maintien et le renforcement de la mission de l&#8217;entreprise (ax\u00e9e sur les familles), sur la reconnaissance et sur le d\u00e9veloppement d&#8217;une culture d&#8217;entreprise bas\u00e9e sur l&#8217;amour, la bienveillance, l&#8217;unit\u00e9 et la gratitude qui servira de base pour la compagnie \u00e0 l&#8217;\u00e9chelle&nbsp;mondiale.\n                    \n        <!--        Javier Urdaneta        -->\n            \n                <img decoding=\"async\" src=\"https:\/\/monatglobal.com\/wp-content\/uploads\/2023\/09\/Javier-urdaneta_2023-min.jpg\" alt=\"Javier Urdaneta CHIEF OF STAFF\" loading=\"lazy\"\/>\n            \n                    <h2>\n                        Javier<br \/>\n                        Urdaneta\n                    <\/h2>\n                    <p>COORDONNATEUR DE DIRECTION<\/p>\n                    <hr \/>\n                    \n                        Gr\u00e2ce \u00e0 son exp\u00e9rience en affaires internationales, en logistique et en technologies de l&#8217;information, Javier est uniquement qualifi\u00e9 pour le r\u00f4le de coordonnateur de direction chez MONAT. Javier a un bon esprit d&#8217;\u00e9quipe et m\u00e8ne toujours \u00e0 bien les t\u00e2ches. Son r\u00f4le polyvalent lui permet de soutenir tous les services \u00e0 l&#8217;\u00e9chelle mondiale afin d&#8217;atteindre les objectifs de&nbsp;l&#8217;entreprise.\n                    \n        <!--        Marjorie-Munoz        -->\n            \n                <img decoding=\"async\" src=\"https:\/\/monatglobal.com\/wp-content\/uploads\/2023\/09\/Marjorie-Munoz-2023-min.jpg\" alt=\"Marjorie Munoz CHIEF FINANCIAL OFFICER, ALCORA GROUP\" loading=\"lazy\"\/>\n            \n                    <h2>\n                        Marjorie<br \/>\n                        Munoz\n                    <\/h2>\n                    <p>DIRECTRICE DES FINANCES, ALCORA&nbsp;GROUP<\/p>\n                    <hr \/>\n                    \n                        Avec 20 ans d&#8217;exp\u00e9rience dans l&#8217;industrie de la vente directe, Marjorie joue un r\u00f4le essentiel chez Alcora pour ce qui est du fonctionnement et des&nbsp;finances.\n                    \n                    \n                        Marjorie cro\u00eet qu&#8217;elle a le meilleur emploi puisqu&#8217;il combine la clart\u00e9 des chiffres et la motivation provenant des \u00e9motions ressenties en voyant les partenaires de march\u00e9&nbsp;r\u00e9ussir.\n                    \n   <!--        Kimberley-Hayes     -->\n        <!---->\n        <!--    -->\n        <!--        <img decoding=\"async\" src=\"https:\/\/monatglobal.com\/wp-content\/uploads\/2023\/09\/Kimberley-Hayes_2023-min.jpg\" alt=\"Kimberley Hayes CHIEF GLOBAL CUSTOMER EXPERIENCE OFFICER\" \/>-->\n        <!--    -->\n        <!--    -->\n        <!--        -->\n        <!--            <h2>-->\n        <!--                Kimberley<br \/>-->\n        <!--                Hayes-->\n        <!--            <\/h2>-->\n        <!--            <p>DIRIGEANTE PRINCIPALE DE L'EXP\u00c9RIENCE CLIENT \u00c0 L'\u00c9CHELLE&nbsp;MONDIALE<\/p>-->\n        <!--            <hr \/>-->\n        <!--        -->\n        <!--        -->\n        <!--            -->\n        <!--                Avec beaucoup d'exp\u00e9rience internationale, Kimberley travaille dans l'industrie depuis plus de 15 ans et se concentre sur l'am\u00e9lioration du service \u00e0 la client\u00e8le \u00e0 l'\u00e9chelle&nbsp;mondiale.-->\n        <!--            -->\n        <!--            -->\n        <!--                Elle est connue pour son approche strat\u00e9gique, ses capacit\u00e9s analytiques et d\u00e9cisionnelles, ainsi que sa capacit\u00e9 \u00e0 cr\u00e9er des \u00e9quipes solides et&nbsp;polyvalentes.-->\n        <!--            -->\n        <!--        -->\n        <!--        -->\n        <!--    -->\n        <!---->\n  <!--        Christine Grebenc     -->\n <!--        Marc-Lopez      -->\n        <!---->\n        <!--    -->\n        <!--        <img decoding=\"async\" src=\"https:\/\/monatglobal.com\/wp-content\/uploads\/2023\/09\/Marc-Lopez_2023-min.jpg\" alt=\"Marc Lopez CHIEF FINANCIAL OFFICER\" \/>-->\n        <!--    -->\n        <!--    -->\n        <!--        -->\n        <!--            <h2>-->\n        <!--                Marc<br \/>-->\n        <!--                Lopez-->\n        <!--            <\/h2>-->\n        <!--            <p>DIRECTEUR DES&nbsp;FINANCES<\/p>-->\n        <!--            <hr \/>-->\n        <!--        -->\n        <!--        -->\n        <!--            -->\n        <!--                \u00c9nergique et ax\u00e9 sur les r\u00e9sultats, ce cadre en finances d'entreprise a une vaste exp\u00e9rience internationale et a travaill\u00e9 chez des soci\u00e9t\u00e9s Fortune 500 dont Mondelez International, Sara Lee Corporation, KPMG et&nbsp;EY.-->\n        <!--            -->\n        <!--            -->\n        <!--                Marc a occup\u00e9 des r\u00f4les en finances d'entreprise, en rapports financiers, en comptabilit\u00e9, en contr\u00f4le, en gestion du risque et en v\u00e9rification. Il a un baccalaur\u00e9at en administration des affaires et en \u00e9conomie, et d\u00e9tient une ma\u00eetrise en administration des affaires de la IESE Business School. Il d\u00e9tient aussi plusieurs certifications, dont le programme en prise de d\u00e9cisions strat\u00e9giques et en gestion du risque de&nbsp;Stanford.-->\n        <!--            -->\n        <!--        -->\n        <!--        -->\n        <!--    -->\n        <!---->\n        <!--        Marcia-Cota        -->\n            \n                <img decoding=\"async\" src=\"https:\/\/monatglobal.com\/wp-content\/uploads\/2023\/09\/Marcia-Cota_2023_-min-1.jpg\" alt=\"Marcia-Cota SENIOR VICE PRESIDENT, NORTH AMERICA \"  loading=\"lazy\"\/>\n            \n                    <h2>\n                        Marcia<br \/>\n                        Cota\n                    <\/h2>\n                    <p>PREMI\u00c8RE VICE-PR\u00c9SIDENTE POUR L&#8217;AM\u00c9RIQUE DU&nbsp;NORD<\/p>\n                    <hr \/>\n                    \n                      Marcia est un cadre sup\u00e9rieur avec plus de vingt ans d&#8217;exp\u00e9rience dans l&#8217;industrie de la vente directe, ayant d\u00e9velopp\u00e9 une entreprise prosp\u00e8re sur le terrain en tant que conseill\u00e8re ind\u00e9pendante en ventes pendant ses sept premi\u00e8res&nbsp;ann\u00e9es.\n                    \n                      \n                      Depuis ce temps-l\u00e0, Marcia a occup\u00e9 divers r\u00f4les au sein de grandes compagnies de vente directe, dont son r\u00f4le actuel de premi\u00e8re vice-pr\u00e9sidente pour l&#8217;Am\u00e9rique du Nord chez MONAT&nbsp;Global.\n                    \n                       \n                     Marcia croit que l&#8217;avenir du monde de la vente directe est prometteur et est ravie d&#8217;aider MONAT \u00e0 demeurer l&#8217;une des meilleures compagnies de&nbsp;l&#8217;industrie.\n                    \n        <!--        Tamila-Kerimova     -->\n            \n                <img decoding=\"async\" src=\"https:\/\/monatglobal.com\/wp-content\/uploads\/2023\/09\/Tamila-Kerimova_2023-min.jpg\" alt=\"Ros Simmons MANAGING DIRECTOR UK AND EUROPE \"  loading=\"lazy\"\/>\n            \n                    <h2>\n                        Tamila<br \/>\n                        Kerimova\n                    <\/h2>\n                    <p>PREMI\u00c8RE VICE-PR\u00c9SIDENTE ET DIRECTRICE G\u00c9N\u00c9RALE POUR&nbsp;L&#8217;EUROPE<\/p>\n                    <hr \/>\n                    \n                       Tamila croit que le leadership mondial exige une bonne compr\u00e9hension des autres cultures.\n                    \n                          \n                       D\u00e9tentrice d&#8217;un dipl\u00f4me en affaires de Uppsala University (en Su\u00e8de), elle a dirig\u00e9 des \u00e9quipes dans six pays europ\u00e9ens. Connue pour son leadership ax\u00e9 sur les r\u00e9sultats, elle s&#8217;engage \u00e0 habiliter les gens et \u00e0 favoriser l&#8217;expansion en Europe.\n                            \n                      En 2024, elle a remport\u00e9 le prix Stevie Or Cadre f\u00e9minin de l&#8217;ann\u00e9e.\n                    \n                                                \nTamila parle trois langues et aime voyager. C&#8217;est pour cette raison qu&#8217;assister aux \u00e9v\u00e8nements et rencontrer les partenaires de march\u00e9 sont la partie de son r\u00f4le qu&#8217;elle aime le plus!\n                    \n  <!--       Jen Usher    -->\n            \n                <img decoding=\"async\" src=\"https:\/\/monatglobal.com\/wp-content\/uploads\/2023\/09\/Jenn-Usher_2023-min.jpg\" alt=\"Jenn Usher VICE PRESIDENT &#038; MANAGING DIRECTOR, AUSTRALIA, AND NEW ZEALAND\"  loading=\"lazy\"\/>\n            \n                    <h2>\n                        Jen<br \/>\n                        Usher\n                    <\/h2>\n                    <p>VICE-PR\u00c9SIDENTE ET DIRECTRICE G\u00c9N\u00c9RALE POUR L&#8217;AUSTRALIE ET LA NOUVELLE-Z\u00c9LANDE<\/p>\n                    <hr \/>\n                    \n                        Le talent de Jen pour l&#8217;innovation a men\u00e9 a des r\u00e9sultats enviables.\n                    \n                    \n                        Elle a profit\u00e9 des ressources num\u00e9riques pour b\u00e2tir une communaut\u00e9 et des \u00e9quipes solides avec une culture ax\u00e9e sur le parrainage, et a aid\u00e9 des marques valant des milliards de dollars \u00e0 prosp\u00e9rer en Asie-Pacifique.\n                    \n                     \n                         Jen a remport\u00e9 le prix Stevie or Cadre de l&#8217;ann\u00e9e en biens de consommation aux 2023 International Business Awards ainsi que le prix Contribution \u00e0 l&#8217;industrie d\u00e9cern\u00e9 par la DSA of Australia en 2023 pour sa contribution \u00e0 la plateforme.\n        <!--        Carla Hernandez     -->\n            \n                <img decoding=\"async\" src=\"https:\/\/monatglobal.com\/wp-content\/uploads\/2023\/09\/Carla_Hernandez_2023-min.jpg\" alt=\"Carla_Hernandez VICE PRESIDENT BRAND MARKETING AND COMMUNICATION\"  loading=\"lazy\"\/>\n            \n                    <h2>\n                        Carla<br \/>\n                        Hernandez\n                    <\/h2>\n                    <p>VICE-PR\u00c9SIDENTE, MARKETING DE LA MARQUE ET&nbsp;COMMUNICATION<\/p>\n                    <hr \/>\n                    \n                        Carla Hernandez est un cadre de marketing prim\u00e9 ayant remport\u00e9 deux prix Emmy, avec plus de 25 ans d&#8217;exp\u00e9rience en d\u00e9veloppement de marque, en marketing social et en m\u00e9dias num\u00e9riques.\n                    \n                    \n                       En 2024, elle a remport\u00e9 le prix Stevie Cadre de marketing de l&#8217;ann\u00e9e.\nCarla et son \u00e9quipe ont aussi remport\u00e9 deux prix Telly en 2023 pour le message publicitaire pour le maquillage soin MONAT.\n                    \n                    \n                        Elle a commenc\u00e9 sa carri\u00e8re \u00e0 la t\u00e9l\u00e9vision, o\u00f9 elle a travaill\u00e9 avec et dirig\u00e9 des \u00e9quipes de marketing pour les cha\u00eenes ABC, NBC, CBS et Univision.\n                    \n                                        \nCarla a une passion pour trouver de nouvelles mani\u00e8res innovatrices de s\u00e9duire le public, de d\u00e9velopper et de transformer les marques, et de travailler \u00e9troitement avec les personnes cr\u00e9atives dou\u00e9es qui n&#8217;ont pas peur de sortir des sentiers battus.\n                    \n        <!-- Jim Singer -->\n            \n                <img decoding=\"async\" src=\"https:\/\/monatglobal.com\/wp-content\/uploads\/2024\/05\/Jim-Singer_2024.jpg\" alt=\" Jim Singer VICE PRESIDENT OF RESEARCH, INNOVATION &#038; MICROBIOLOGY B&#038;R PRODUCTS, INC. \"  loading=\"lazy\"\/>\n            \n                    <h2>\n                        Jim <br \/>Singer\n                    <\/h2>\n                    <p>VICE-PR\u00c9SIDENT DE LA RECHERCHE, L&#8217;INNOVATION ET LA MICROBIOLOGIE,<br \/> B&#038;R PRODUCTS, INC. <\/p>\n                    <hr \/>\n                    \n                     Jim a occup\u00e9 plusieurs postes strat\u00e9giques en recherche, d\u00e9veloppement et innovation dans l&#8217;industrie des produits de beaut\u00e9. Il d\u00e9tient une ma\u00eetrise \u00e8s ing\u00e9nierie Ing\u00e9nierie chimique de la Stevens Institute of Technology \u00e0 Hoboken, New Jersey, ainsi qu&#8217;un baccalaur\u00e9at \u00e8s sciences en chimie d&#8217;Iona University \u00e0 New Rochelle, New York. Jim est aussi un musicien de formation classique et joue le violon et&nbsp;l&#8217;alto.  \n                     \n        <!--       Oswaldo Echenique  -->\n            \n                <img decoding=\"async\" src=\"https:\/\/monatglobal.com\/wp-content\/uploads\/2023\/09\/Oswaldo-Echenique-2023-min.jpg\" alt=\"Oswaldo Echenique VICE PRESIDENT OF TAX AND GOVERNMENT\"  loading=\"lazy\"\/>\n            \n                    <h2>\n                        Oswaldo<br \/>\n                        Echenique\n                    <\/h2>\n                    <p>VICE-PR\u00c9SIDENT, IMP\u00d4TS ET&nbsp;GOUVERNEMENT<\/p>\n                    <hr \/>\n                    \n                        Oswaldo Echenique est un conseiller en imp\u00f4ts au niveau international avec plus de 20 ans d&#8217;exp\u00e9rience dans plusieurs industries, dont la comptabilit\u00e9 publique, le p\u00e9trole et le gaz, la fabrication et la vente&nbsp;directe.\n                    \n                    \n                        Dans son r\u00f4le de vice-pr\u00e9sident, Imp\u00f4ts et gouvernement chez Alcora Corporation, la passion d&#8217;Oswaldo pour la conformit\u00e9 fiscale garantit le respect des normes les plus \u00e9lev\u00e9es en mati\u00e8re de transparence&nbsp;internationale.\n                    \n                <!--       Thomas Buzsaki  -->\n            \n                <img decoding=\"async\" src=\"https:\/\/monatglobal.com\/wp-content\/uploads\/2023\/09\/Thomas-Buzsaki_2023-min.jpg\" alt=\" Thomas Buzsaki VICE PRESIDENT GLOBAL EVENTS\"  loading=\"lazy\"\/>\n            \n                    <h2>\n                        Thomas <br \/>\n                        Buzsaki\n                    <\/h2>\n                    <p>VICE-PR\u00c9SIDENT DES \u00c9V\u00c8NEMENTS \u00c0 L&#8217;\u00c9CHELLE MONDIALE<\/p>\n                    <hr \/>\n                    \n                     Apr\u00e8s chaque \u00e9v\u00e8nement, Thomas Buzsaki r\u00e9fl\u00e9chit \u00e0 ses plus de 20 ans d&#8217;exp\u00e9rience en r\u00e9alisation d&#8217;\u00e9v\u00e8nements d&#8217;entreprise et se demande \u00ab Et maintenant? \u00bb. Il ne se contente jamais de ses r\u00e9alisations pass\u00e9es et met l&#8217;\u00e9quipe des \u00e9v\u00e8nements de MONAT au d\u00e9fi en les encourageant continuellement \u00e0 r\u00e9inventer leur&nbsp;approche.\n                    \n                    \n                    \u00ab Nous \u00e9coutons, nous \u00e9valuons et nous respectons le r\u00f4le essentiel des \u00e9v\u00e8nements pour les partenaires de march\u00e9 \u00bb affirme&nbsp;Tom.\n                    \n                     \n                    \u00ab Il n&#8217;y a pas de meilleure r\u00e9compense que de tenir la promesse de ne jamais viser l&#8217;ordinaire. Les \u00e9v\u00e8nements sont notre langage de&nbsp;l&#8217;amour. \u00bb\n                    \n                <!--       Jennifer Riquelme  -->\n            \n                <img decoding=\"async\" src=\"https:\/\/monatglobal.com\/wp-content\/uploads\/2023\/09\/Jennifer-Riquelme_2023-min.jpg\" alt=\" Jennifer Riquelme VICE PRESIDENT GLOBAL EVENTS\"  loading=\"lazy\"\/>\n            \n                    <h2>\n                        Jennifer  <br \/>\n                        Riquelme\n                    <\/h2>\n                    <p>CHIMISTE PRINCIPALE EN COULEUR CHEZ&nbsp;R&#038;D<\/p>\n                    <hr \/>\n                    \n                     N\u00e9e en Cor\u00e9e du Sud et ayant grandi en Floride, la passion de Jennifer pour les cosm\u00e9tiques et les difficult\u00e9s \u00e9prouv\u00e9es en essayant de trouver du maquillage qui convient \u00e0 son teint l&#8217;ont pouss\u00e9 \u00e0 commencer sa carri\u00e8re en chimie&nbsp;cosm\u00e9tique. \n                    \n                    \n                        Titulaire d&#8217;un baccalaur\u00e9at en sciences de la sant\u00e9 et d&#8217;un baccalaur\u00e9at en chimie, Jennifer a plus de 15 ans d&#8217;exp\u00e9rience dans plusieurs industries, dont les soins personnels et le d\u00e9veloppement des produits pour des marques de beaut\u00e9&nbsp;prestigieuses.\n                    \n\n","protected":false},"excerpt":{"rendered":"<p>Rencontrez l&#8217;\u00e9quipe Luis Urdaneta PR\u00c9SIDENT DU CONSEIL ET&nbsp;COFONDATEUR Entrepreneur en vente directe de premi\u00e8re g\u00e9n\u00e9ration, Se\u00f1or Luis s&#8217;engage \u00e0 inspirer de nouvelles g\u00e9n\u00e9rations&nbsp;d&#8217;entrepreneurs. Partager son exp\u00e9rience et transmettre sa sagesse afin d&#8217;am\u00e9liorer la vie des autres est l&#8217;\u0153uvre de sa&nbsp;vie. Apr\u00e8s avoir lanc\u00e9 une entreprise de vente directe prosp\u00e8re en Am\u00e9rique latine, se\u00f1or Luis et&hellip;<\/p>\n","protected":false},"author":20,"featured_media":0,"parent":0,"menu_order":0,"comment_status":"closed","ping_status":"closed","template":"","meta":{"inline_featured_image":false,"om_disable_all_campaigns":false,"_monsterinsights_skip_tracking":false,"_monsterinsights_sitenote_active":false,"_monsterinsights_sitenote_note":"","_monsterinsights_sitenote_category":0,"footnotes":""},"categories":[],"tags":[],"class_list":["post-31471","page","type-page","status-publish","hentry"],"aioseo_notices":[],"aioseo_head":"\n\t\t<!-- All in One SEO Pro 4.9.6 - aioseo.com -->\n\t<meta name=\"description\" content=\"Rencontrez l&#039;\u00e9quipe Luis Urdaneta PR\u00c9SIDENT DU CONSEIL ET COFONDATEUR Entrepreneur en vente directe de premi\u00e8re g\u00e9n\u00e9ration, Se\u00f1or Luis s&#039;engage \u00e0 inspirer de nouvelles g\u00e9n\u00e9rations d&#039;entrepreneurs. Partager son exp\u00e9rience et transmettre sa sagesse afin d&#039;am\u00e9liorer la vie des autres est l&#039;\u0153uvre de sa vie. Apr\u00e8s avoir lanc\u00e9 une entreprise de vente directe prosp\u00e8re en Am\u00e9rique latine, se\u00f1or Luis et\" \/>\n\t<meta name=\"robots\" content=\"max-image-preview:large\" \/>\n\t<link rel=\"canonical\" href=\"https:\/\/monatglobal.com\/ca\/meet-the-team\/?lang=fr\" \/>\n\t<meta name=\"generator\" content=\"All in One SEO Pro (AIOSEO) 4.9.6\" \/>\n\t\t<meta property=\"og:locale\" content=\"en_US\" \/>\n\t\t<meta property=\"og:site_name\" content=\"Monat Canada English - We Are Modern Nature\" \/>\n\t\t<meta property=\"og:type\" content=\"article\" \/>\n\t\t<meta property=\"og:title\" content=\"RENCONTREZ L\u2019\u00c9QUIPE - Monat Canada English\" \/>\n\t\t<meta property=\"og:description\" content=\"Rencontrez l&#039;\u00e9quipe Luis Urdaneta PR\u00c9SIDENT DU CONSEIL ET COFONDATEUR Entrepreneur en vente directe de premi\u00e8re g\u00e9n\u00e9ration, Se\u00f1or Luis s&#039;engage \u00e0 inspirer de nouvelles g\u00e9n\u00e9rations d&#039;entrepreneurs. Partager son exp\u00e9rience et transmettre sa sagesse afin d&#039;am\u00e9liorer la vie des autres est l&#039;\u0153uvre de sa vie. Apr\u00e8s avoir lanc\u00e9 une entreprise de vente directe prosp\u00e8re en Am\u00e9rique latine, se\u00f1or Luis et\" \/>\n\t\t<meta property=\"og:url\" content=\"https:\/\/monatglobal.com\/ca\/meet-the-team\/?lang=fr\" \/>\n\t\t<meta property=\"article:published_time\" content=\"2018-04-10T20:31:15+00:00\" \/>\n\t\t<meta property=\"article:modified_time\" content=\"2025-02-24T20:45:10+00:00\" \/>\n\t\t<meta name=\"twitter:card\" content=\"summary_large_image\" \/>\n\t\t<meta name=\"twitter:title\" content=\"RENCONTREZ L\u2019\u00c9QUIPE - Monat Canada English\" \/>\n\t\t<meta name=\"twitter:description\" content=\"Rencontrez l&#039;\u00e9quipe Luis Urdaneta PR\u00c9SIDENT DU CONSEIL ET COFONDATEUR Entrepreneur en vente directe de premi\u00e8re g\u00e9n\u00e9ration, Se\u00f1or Luis s&#039;engage \u00e0 inspirer de nouvelles g\u00e9n\u00e9rations d&#039;entrepreneurs. Partager son exp\u00e9rience et transmettre sa sagesse afin d&#039;am\u00e9liorer la vie des autres est l&#039;\u0153uvre de sa vie. Apr\u00e8s avoir lanc\u00e9 une entreprise de vente directe prosp\u00e8re en Am\u00e9rique latine, se\u00f1or Luis et\" \/>\n\t\t<script type=\"application\/ld+json\" class=\"aioseo-schema\">\n\t\t\t{\"@context\":\"https:\\\/\\\/schema.org\",\"@graph\":[{\"@type\":\"BreadcrumbList\",\"@id\":\"https:\\\/\\\/monatglobal.com\\\/ca\\\/meet-the-team\\\/?lang=fr#breadcrumblist\",\"itemListElement\":[{\"@type\":\"ListItem\",\"@id\":\"https:\\\/\\\/monatglobal.com\\\/ca#listItem\",\"position\":1,\"name\":\"Home\",\"item\":\"https:\\\/\\\/monatglobal.com\\\/ca\",\"nextItem\":{\"@type\":\"ListItem\",\"@id\":\"https:\\\/\\\/monatglobal.com\\\/ca\\\/meet-the-team\\\/?lang=fr#listItem\",\"name\":\"RENCONTREZ L\\u2019\\u00c9QUIPE\"}},{\"@type\":\"ListItem\",\"@id\":\"https:\\\/\\\/monatglobal.com\\\/ca\\\/meet-the-team\\\/?lang=fr#listItem\",\"position\":2,\"name\":\"RENCONTREZ L\\u2019\\u00c9QUIPE\",\"previousItem\":{\"@type\":\"ListItem\",\"@id\":\"https:\\\/\\\/monatglobal.com\\\/ca#listItem\",\"name\":\"Home\"}}]},{\"@type\":\"Organization\",\"@id\":\"https:\\\/\\\/monatglobal.com\\\/ca\\\/#organization\",\"name\":\"Monat Canada English\",\"description\":\"We Are Modern Nature\",\"url\":\"https:\\\/\\\/monatglobal.com\\\/ca\\\/\"},{\"@type\":\"WebPage\",\"@id\":\"https:\\\/\\\/monatglobal.com\\\/ca\\\/meet-the-team\\\/?lang=fr#webpage\",\"url\":\"https:\\\/\\\/monatglobal.com\\\/ca\\\/meet-the-team\\\/?lang=fr\",\"name\":\"RENCONTREZ L\\u2019\\u00c9QUIPE - Monat Canada English\",\"description\":\"Rencontrez l'\\u00e9quipe Luis Urdaneta PR\\u00c9SIDENT DU CONSEIL ET COFONDATEUR Entrepreneur en vente directe de premi\\u00e8re g\\u00e9n\\u00e9ration, Se\\u00f1or Luis s'engage \\u00e0 inspirer de nouvelles g\\u00e9n\\u00e9rations d'entrepreneurs. Partager son exp\\u00e9rience et transmettre sa sagesse afin d'am\\u00e9liorer la vie des autres est l'\\u0153uvre de sa vie. Apr\\u00e8s avoir lanc\\u00e9 une entreprise de vente directe prosp\\u00e8re en Am\\u00e9rique latine, se\\u00f1or Luis et\",\"inLanguage\":\"en-US\",\"isPartOf\":{\"@id\":\"https:\\\/\\\/monatglobal.com\\\/ca\\\/#website\"},\"breadcrumb\":{\"@id\":\"https:\\\/\\\/monatglobal.com\\\/ca\\\/meet-the-team\\\/?lang=fr#breadcrumblist\"},\"datePublished\":\"2018-04-10T20:31:15-04:00\",\"dateModified\":\"2025-02-24T15:45:10-05:00\"},{\"@type\":\"WebSite\",\"@id\":\"https:\\\/\\\/monatglobal.com\\\/ca\\\/#website\",\"url\":\"https:\\\/\\\/monatglobal.com\\\/ca\\\/\",\"name\":\"Monat Canada English\",\"description\":\"We Are Modern Nature\",\"inLanguage\":\"en-US\",\"publisher\":{\"@id\":\"https:\\\/\\\/monatglobal.com\\\/ca\\\/#organization\"}}]}\n\t\t<\/script>\n\t\t<!-- All in One SEO Pro -->\r\n\t\t<title>RENCONTREZ L\u2019\u00c9QUIPE - Monat Canada English<\/title>\n\n","aioseo_head_json":{"title":"RENCONTREZ L\u2019\u00c9QUIPE - Monat Canada English","description":"Rencontrez l'\u00e9quipe Luis Urdaneta PR\u00c9SIDENT DU CONSEIL ET COFONDATEUR Entrepreneur en vente directe de premi\u00e8re g\u00e9n\u00e9ration, Se\u00f1or Luis s'engage \u00e0 inspirer de nouvelles g\u00e9n\u00e9rations d'entrepreneurs. Partager son exp\u00e9rience et transmettre sa sagesse afin d'am\u00e9liorer la vie des autres est l'\u0153uvre de sa vie. Apr\u00e8s avoir lanc\u00e9 une entreprise de vente directe prosp\u00e8re en Am\u00e9rique latine, se\u00f1or Luis et","canonical_url":"https:\/\/monatglobal.com\/ca\/meet-the-team\/?lang=fr","robots":"max-image-preview:large","keywords":"","webmasterTools":{"miscellaneous":""},"schema":{"@context":"https:\/\/schema.org","@graph":[{"@type":"BreadcrumbList","@id":"https:\/\/monatglobal.com\/ca\/meet-the-team\/?lang=fr#breadcrumblist","itemListElement":[{"@type":"ListItem","@id":"https:\/\/monatglobal.com\/ca#listItem","position":1,"name":"Home","item":"https:\/\/monatglobal.com\/ca","nextItem":{"@type":"ListItem","@id":"https:\/\/monatglobal.com\/ca\/meet-the-team\/?lang=fr#listItem","name":"RENCONTREZ L\u2019\u00c9QUIPE"}},{"@type":"ListItem","@id":"https:\/\/monatglobal.com\/ca\/meet-the-team\/?lang=fr#listItem","position":2,"name":"RENCONTREZ L\u2019\u00c9QUIPE","previousItem":{"@type":"ListItem","@id":"https:\/\/monatglobal.com\/ca#listItem","name":"Home"}}]},{"@type":"Organization","@id":"https:\/\/monatglobal.com\/ca\/#organization","name":"Monat Canada English","description":"We Are Modern Nature","url":"https:\/\/monatglobal.com\/ca\/"},{"@type":"WebPage","@id":"https:\/\/monatglobal.com\/ca\/meet-the-team\/?lang=fr#webpage","url":"https:\/\/monatglobal.com\/ca\/meet-the-team\/?lang=fr","name":"RENCONTREZ L\u2019\u00c9QUIPE - Monat Canada English","description":"Rencontrez l'\u00e9quipe Luis Urdaneta PR\u00c9SIDENT DU CONSEIL ET COFONDATEUR Entrepreneur en vente directe de premi\u00e8re g\u00e9n\u00e9ration, Se\u00f1or Luis s'engage \u00e0 inspirer de nouvelles g\u00e9n\u00e9rations d'entrepreneurs. Partager son exp\u00e9rience et transmettre sa sagesse afin d'am\u00e9liorer la vie des autres est l'\u0153uvre de sa vie. Apr\u00e8s avoir lanc\u00e9 une entreprise de vente directe prosp\u00e8re en Am\u00e9rique latine, se\u00f1or Luis et","inLanguage":"en-US","isPartOf":{"@id":"https:\/\/monatglobal.com\/ca\/#website"},"breadcrumb":{"@id":"https:\/\/monatglobal.com\/ca\/meet-the-team\/?lang=fr#breadcrumblist"},"datePublished":"2018-04-10T20:31:15-04:00","dateModified":"2025-02-24T15:45:10-05:00"},{"@type":"WebSite","@id":"https:\/\/monatglobal.com\/ca\/#website","url":"https:\/\/monatglobal.com\/ca\/","name":"Monat Canada English","description":"We Are Modern Nature","inLanguage":"en-US","publisher":{"@id":"https:\/\/monatglobal.com\/ca\/#organization"}}]},"og:locale":"en_US","og:site_name":"Monat Canada English - We Are Modern Nature","og:type":"article","og:title":"RENCONTREZ L\u2019\u00c9QUIPE - Monat Canada English","og:description":"Rencontrez l'\u00e9quipe Luis Urdaneta PR\u00c9SIDENT DU CONSEIL ET COFONDATEUR Entrepreneur en vente directe de premi\u00e8re g\u00e9n\u00e9ration, Se\u00f1or Luis s'engage \u00e0 inspirer de nouvelles g\u00e9n\u00e9rations d'entrepreneurs. Partager son exp\u00e9rience et transmettre sa sagesse afin d'am\u00e9liorer la vie des autres est l'\u0153uvre de sa vie. Apr\u00e8s avoir lanc\u00e9 une entreprise de vente directe prosp\u00e8re en Am\u00e9rique latine, se\u00f1or Luis et","og:url":"https:\/\/monatglobal.com\/ca\/meet-the-team\/?lang=fr","article:published_time":"2018-04-10T20:31:15+00:00","article:modified_time":"2025-02-24T20:45:10+00:00","twitter:card":"summary_large_image","twitter:title":"RENCONTREZ L\u2019\u00c9QUIPE - Monat Canada English","twitter:description":"Rencontrez l'\u00e9quipe Luis Urdaneta PR\u00c9SIDENT DU CONSEIL ET COFONDATEUR Entrepreneur en vente directe de premi\u00e8re g\u00e9n\u00e9ration, Se\u00f1or Luis s'engage \u00e0 inspirer de nouvelles g\u00e9n\u00e9rations d'entrepreneurs. Partager son exp\u00e9rience et transmettre sa sagesse afin d'am\u00e9liorer la vie des autres est l'\u0153uvre de sa vie. Apr\u00e8s avoir lanc\u00e9 une entreprise de vente directe prosp\u00e8re en Am\u00e9rique latine, se\u00f1or Luis et"},"aioseo_meta_data":{"post_id":"31471","title":null,"description":null,"keywords":[],"keyphrases":{"focus":{"keyphrase":"","score":0,"analysis":{"keyphraseInTitle":{"score":0,"maxScore":9,"error":1}}},"additional":[]},"primary_term":null,"canonical_url":null,"og_title":null,"og_description":null,"og_object_type":"default","og_image_type":"default","og_image_url":null,"og_image_width":null,"og_image_height":null,"og_image_custom_url":null,"og_image_custom_fields":null,"og_video":"","og_custom_url":null,"og_article_section":null,"og_article_tags":[],"twitter_use_og":false,"twitter_card":"default","twitter_image_type":"default","twitter_image_url":null,"twitter_image_custom_url":null,"twitter_image_custom_fields":null,"twitter_title":null,"twitter_description":null,"schema":{"blockGraphs":[],"customGraphs":[],"default":{"data":{"Article":[],"Course":[],"Dataset":[],"FAQPage":[],"Movie":[],"Person":[],"Product":[],"ProductReview":[],"Car":[],"Recipe":[],"Service":[],"SoftwareApplication":[],"WebPage":[]},"graphName":"WebPage","isEnabled":true},"graphs":[]},"schema_type":"default","schema_type_options":null,"pillar_content":false,"robots_default":true,"robots_noindex":false,"robots_noarchive":false,"robots_nosnippet":false,"robots_nofollow":false,"robots_noimageindex":false,"robots_noodp":false,"robots_notranslate":false,"robots_max_snippet":"-1","robots_max_videopreview":"-1","robots_max_imagepreview":"large","priority":null,"frequency":"default","local_seo":null,"seo_analyzer_scan_date":"2026-02-10 03:21:03","limit_modified_date":false,"reviewed_by":null,"open_ai":null,"ai":null,"created":"2023-07-26 12:17:54","updated":"2026-02-10 18:38:39"},"aioseo_breadcrumb":"<div class=\"aioseo-breadcrumbs\"><span class=\"aioseo-breadcrumb\">\n\t<a href=\"https:\/\/monatglobal.com\/ca\" title=\"Home\">Home<\/a>\n<\/span><span class=\"aioseo-breadcrumb-separator\">&raquo;<\/span><span class=\"aioseo-breadcrumb\">\n\tRENCONTREZ L\u2019\u00c9QUIPE\n<\/span><\/div>","aioseo_breadcrumb_json":[{"label":"Home","link":"https:\/\/monatglobal.com\/ca"},{"label":"RENCONTREZ L\u2019\u00c9QUIPE","link":"https:\/\/monatglobal.com\/ca\/meet-the-team\/?lang=fr"}],"_links":{"self":[{"href":"https:\/\/monatglobal.com\/ca\/wp-json\/wp\/v2\/pages\/31471","targetHints":{"allow":["GET"]}}],"collection":[{"href":"https:\/\/monatglobal.com\/ca\/wp-json\/wp\/v2\/pages"}],"about":[{"href":"https:\/\/monatglobal.com\/ca\/wp-json\/wp\/v2\/types\/page"}],"author":[{"embeddable":true,"href":"https:\/\/monatglobal.com\/ca\/wp-json\/wp\/v2\/users\/20"}],"replies":[{"embeddable":true,"href":"https:\/\/monatglobal.com\/ca\/wp-json\/wp\/v2\/comments?post=31471"}],"version-history":[{"count":30,"href":"https:\/\/monatglobal.com\/ca\/wp-json\/wp\/v2\/pages\/31471\/revisions"}],"predecessor-version":[{"id":91877,"href":"https:\/\/monatglobal.com\/ca\/wp-json\/wp\/v2\/pages\/31471\/revisions\/91877"}],"wp:attachment":[{"href":"https:\/\/monatglobal.com\/ca\/wp-json\/wp\/v2\/media?parent=31471"}],"wp:term":[{"taxonomy":"category","embeddable":true,"href":"https:\/\/monatglobal.com\/ca\/wp-json\/wp\/v2\/categories?post=31471"},{"taxonomy":"post_tag","embeddable":true,"href":"https:\/\/monatglobal.com\/ca\/wp-json\/wp\/v2\/tags?post=31471"}],"curies":[{"name":"wp","href":"https:\/\/api.w.org\/{rel}","templated":true}]}}